{"id":8143,"date":"2026-03-17T10:08:09","date_gmt":"2026-03-17T09:08:09","guid":{"rendered":"https:\/\/www.azzurrabibione.com\/?page_id=8143"},"modified":"2026-03-17T10:08:12","modified_gmt":"2026-03-17T09:08:12","slug":"gyik-2","status":"publish","type":"page","link":"https:\/\/www.azzurrabibione.com\/hu\/gyik-2\/","title":{"rendered":"GYIK"},"content":{"rendered":"\t\t<div data-elementor-type=\"wp-page\" data-elementor-id=\"8143\" class=\"elementor elementor-8143\" data-elementor-post-type=\"page\">\n\t\t\t\t<div class=\"elementor-element elementor-element-2167f468 e-flex e-con-boxed e-con e-parent\" data-id=\"2167f468\" data-element_type=\"container\" data-settings=\"{&quot;background_background&quot;:&quot;classic&quot;}\">\n\t\t\t\t\t<div class=\"e-con-inner\">\n\t\t\t\t\t<\/div>\n\t\t\t\t<\/div>\n\t\t<div class=\"elementor-element elementor-element-78bc135 e-flex e-con-boxed e-con e-parent\" data-id=\"78bc135\" data-element_type=\"container\" data-settings=\"{&quot;background_background&quot;:&quot;classic&quot;}\">\n\t\t\t\t\t<div class=\"e-con-inner\">\n\t\t\t\t<div class=\"elementor-element elementor-element-2db2236f elementor-align-left elementor-widget elementor-widget-breadcrumbs\" data-id=\"2db2236f\" data-element_type=\"widget\" data-widget_type=\"breadcrumbs.default\">\n\t\t\t\t<div class=\"elementor-widget-container\">\n\t\t\t\t\t<p id=\"breadcrumbs\"><span><span><a href=\"https:\/\/www.azzurrabibione.com\/hu\/\">Home<\/a><\/span><\/span><\/p>\t\t\t\t<\/div>\n\t\t\t\t<\/div>\n\t\t\t\t\t<\/div>\n\t\t\t\t<\/div>\n\t\t<div class=\"elementor-element elementor-element-2daf25e4 e-flex e-con-boxed e-con e-parent\" data-id=\"2daf25e4\" data-element_type=\"container\" data-settings=\"{&quot;background_background&quot;:&quot;classic&quot;}\">\n\t\t\t\t\t<div class=\"e-con-inner\">\n\t\t\t\t<div class=\"elementor-element elementor-element-e3bb398 elementor-widget elementor-widget-heading\" data-id=\"e3bb398\" data-element_type=\"widget\" data-widget_type=\"heading.default\">\n\t\t\t\t<div class=\"elementor-widget-container\">\n\t\t\t\t\t<h1 class=\"elementor-heading-title elementor-size-default\">GYIK<\/h1>\t\t\t\t<\/div>\n\t\t\t\t<\/div>\n\t\t\t\t<div class=\"elementor-element elementor-element-3bae72a4 w-70 elementor-widget elementor-widget-text-editor\" data-id=\"3bae72a4\" data-element_type=\"widget\" data-widget_type=\"text-editor.default\">\n\t\t\t\t<div class=\"elementor-widget-container\">\n\t\t\t\t\t\t\t\t\t<p><strong>Eg\u00e9sz \u00e9vben el\u00e9rhet\u0151ek vagyunk!<\/strong><\/p><p>Itt gy\u0171jt\u00f6tt\u00fck \u00f6ssze a Kedves Vend\u00e9geink \u00e1ltal feltett leggyakoribb k\u00e9rd\u00e9seikre adott v\u00e1laszokat.<\/p><p>Amennyiben tov\u00e1bbi inform\u00e1ci\u00f3ra van sz\u00fcks\u00e9ged, fordulj hozz\u00e1nk bizalommal! \u00d6r\u00f6mmel \u00e1llunk rendelkez\u00e9sedre b\u00e1rmikor.<\/p>\t\t\t\t\t\t\t\t<\/div>\n\t\t\t\t<\/div>\n\t\t\t\t\t<\/div>\n\t\t\t\t<\/div>\n\t\t<div class=\"elementor-element elementor-element-841f67e e-flex e-con-boxed e-con e-parent\" data-id=\"841f67e\" data-element_type=\"container\">\n\t\t\t\t\t<div class=\"e-con-inner\">\n\t\t\t\t<div class=\"elementor-element elementor-element-c9f2492 faq-accordion elementor-widget elementor-widget-shortcode\" data-id=\"c9f2492\" data-element_type=\"widget\" data-widget_type=\"shortcode.default\">\n\t\t\t\t<div class=\"elementor-widget-container\">\n\t\t\t\t\t\t\t<div class=\"elementor-shortcode\"><div class=\"acf-custom-accordion\" id=\"acf-accordion-69f16a7f17e82\">\n        <div class=\"acf-accordion-item\">\n            <button class=\"acf-accordion-header\" type=\"button\">\n                <span class=\"acf-accordion-icon\">+<\/span>\n                <h3 class=\"acf-accordion-title\">Hol \u00e9s mikor veheti \u00e1t a lak\u00e1skulcsokat?<\/h3>\n            <\/button>\n            <div class=\"acf-accordion-content\"><p>Az \u00e9rkez\u00e9s napj\u00e1n a lak\u00e1s kulcsait a Turistica Azzurra irod\u00e1ban veheti \u00e1t, Corso del Sole, 130.<br \/>\nBejelentkez\u00e9s: <strong>16.00-19.00<\/strong><\/p>\n<\/div>\n        <\/div>\n        <div class=\"acf-accordion-item\">\n            <button class=\"acf-accordion-header\" type=\"button\">\n                <span class=\"acf-accordion-icon\">+<\/span>\n                <h3 class=\"acf-accordion-title\">Hov\u00e1 \u00e9s mikor kell visszaadni a lak\u00e1skulcsokat?<\/h3>\n            <\/button>\n            <div class=\"acf-accordion-content\"><p>A t\u00e1voz\u00e1s napj\u00e1n a kulcsokat a Turistica Azzurra irod\u00e1j\u00e1ban kell leadni (Corso del Sole, 130.<br \/>\nKijelentkez\u00e9s: <strong>9.00-10.00 \u00f3ra<\/strong>.<\/p>\n<\/div>\n        <\/div>\n        <div class=\"acf-accordion-item\">\n            <button class=\"acf-accordion-header\" type=\"button\">\n                <span class=\"acf-accordion-icon\">+<\/span>\n                <h3 class=\"acf-accordion-title\">Lehets\u00e9ges a kulcsok \u00e1tv\u00e9tele az iroda z\u00e1r\u00e1sa ut\u00e1n?<\/h3>\n            <\/button>\n            <div class=\"acf-accordion-content\"><p>Kiz\u00e1r\u00f3lag az utaz\u00e1s sor\u00e1n el\u0151re nem l\u00e1that\u00f3 k\u00f6r\u00fclm\u00e9nyek miatti k\u00e9s\u00e9sek eset\u00e9n, vagy a Turistica Azzurra \u00e1ltal j\u00f3v\u00e1hagyott \u00e9s enged\u00e9lyezett k\u00fcl\u00f6nleges esetekben hagyhatjuk a lak\u00e1s kulcsait az iroda el\u0151tt tal\u00e1lhat\u00f3 <strong>speci\u00e1lis k\u00f3dolt dobozokban<\/strong>.<\/p>\n<\/div>\n        <\/div>\n        <div class=\"acf-accordion-item\">\n            <button class=\"acf-accordion-header\" type=\"button\">\n                <span class=\"acf-accordion-icon\">+<\/span>\n                <h3 class=\"acf-accordion-title\">Lehets\u00e9ges a korai indul\u00e1s?<\/h3>\n            <\/button>\n            <div class=\"acf-accordion-content\"><p>Korai vagy munkaid\u0151n k\u00edv\u00fcli indul\u00e1s eset\u00e9n k\u00e9rj\u00fck, hogy legal\u00e1bb egy nappal kor\u00e1bban \u00e9rtes\u00edtsen minket. A kulcsokat az irod\u00e1ban kell leadni, vagy az irod\u00e1n k\u00edv\u00fcli dobozban kell hagyni. Korai t\u00e1voz\u00e1s eset\u00e9n nem \u00e1ll m\u00f3dunkban visszat\u00e9r\u00edt\u00e9st fizetni.  <\/p>\n<\/div>\n        <\/div>\n        <div class=\"acf-accordion-item\">\n            <button class=\"acf-accordion-header\" type=\"button\">\n                <span class=\"acf-accordion-icon\">+<\/span>\n                <h3 class=\"acf-accordion-title\">Milyen felszerelts\u00e9ggel rendelkeznek a lak\u00e1sok konyh\u00e1i?<\/h3>\n            <\/button>\n            <div class=\"acf-accordion-content\"><p>A konyh\u00e1k a t\u0171zhelyen \u00e9s a h\u0171t\u0151szekr\u00e9nyen k\u00edv\u00fcl ed\u00e9nyekkel, ed\u00e9nyekkel \u00e9s ev\u0151eszk\u00f6z\u00f6kkel is fel vannak szerelve. A h\u00e1ztart\u00e1si \u00e1gynem\u0171t \u00e9s a higi\u00e9niai term\u00e9keket nem tartalmazza a sz\u00e1ll\u00e1sd\u00edj. <\/p>\n<\/div>\n        <\/div>\n        <div class=\"acf-accordion-item\">\n            <button class=\"acf-accordion-header\" type=\"button\">\n                <span class=\"acf-accordion-icon\">+<\/span>\n                <h3 class=\"acf-accordion-title\">Vannak p\u00e1rn\u00e1k \u00e9s takar\u00f3k a lak\u00e1sokban?<\/h3>\n            <\/button>\n            <div class=\"acf-accordion-content\"><p>Igen, minden lak\u00e1s p\u00e1rn\u00e1kkal \u00e9s takar\u00f3kkal van felszerelve.<\/p>\n<\/div>\n        <\/div>\n        <div class=\"acf-accordion-item\">\n            <button class=\"acf-accordion-header\" type=\"button\">\n                <span class=\"acf-accordion-icon\">+<\/span>\n                <h3 class=\"acf-accordion-title\">Szabad-e doh\u00e1nyozni a lak\u00e1sokban?<\/h3>\n            <\/button>\n            <div class=\"acf-accordion-content\"><p>A k\u00f6vetkez\u0151 vend\u00e9gek ir\u00e1nti tiszteletb\u0151l <strong>k\u00e9rj\u00fck, hogy a<\/strong> lak\u00e1sokban <strong>ne doh\u00e1nyozzon<\/strong>.<\/p>\n<\/div>\n        <\/div>\n        <div class=\"acf-accordion-item\">\n            <button class=\"acf-accordion-header\" type=\"button\">\n                <span class=\"acf-accordion-icon\">+<\/span>\n                <h3 class=\"acf-accordion-title\">H\u00e1nyan lakhatnak a lak\u00e1sban?<\/h3>\n            <\/button>\n            <div class=\"acf-accordion-content\"><p>Az egyes lak\u00e1sokban legfeljebb a megadott sz\u00e1m\u00fa \u00e1gyat lehet elhelyezni. A gyermekek \u00e9s csecsem\u0151k feln\u0151ttnek tekintend\u0151k. <\/p>\n<\/div>\n        <\/div>\n        <div class=\"acf-accordion-item\">\n            <button class=\"acf-accordion-header\" type=\"button\">\n                <span class=\"acf-accordion-icon\">+<\/span>\n                <h3 class=\"acf-accordion-title\">H\u00e1zi\u00e1llatokat be lehet hozni?<\/h3>\n            <\/button>\n            <div class=\"acf-accordion-content\"><p>A kis h\u00e1zi\u00e1llatok a Villaggio Ducale kiv\u00e9tel\u00e9vel a Turistica Azzurra el\u0151zetes enged\u00e9ly\u00e9vel \u00e9s <strong>7 \u00e9jszak\u00e1n\u00e1l r\u00f6videbb tart\u00f3zkod\u00e1s eset\u00e9n heti 25,- \u20ac fel\u00e1rral<\/strong> <strong>enged\u00e9lyezettek <\/strong> <strong>.<\/strong><br \/>\nK\u00e9rj\u00fck, hogy a h\u00e1zi\u00e1llatok jelenl\u00e9t\u00e9t a t\u00f6bbi vend\u00e9g <strong>zavar\u00e1sa<\/strong> n\u00e9lk\u00fcl kezelj\u00e9k, \u00e9s javasoljuk a <strong>p\u00f3r\u00e1z haszn\u00e1lat\u00e1t a k\u00f6z\u00f6s helyis\u00e9gekben<\/strong>.<br \/>\nA h\u00e1zi\u00e1llatok nem enged\u00e9lyezettek a szol\u00e1rium \u00e9s a medenc\u00e9k ter\u00fclet\u00e9n.<\/p>\n<\/div>\n        <\/div>\n        <div class=\"acf-accordion-item\">\n            <button class=\"acf-accordion-header\" type=\"button\">\n                <span class=\"acf-accordion-icon\">+<\/span>\n                <h3 class=\"acf-accordion-title\">K\u00f6telez\u0151-e a lak\u00e1s v\u00e9gtakar\u00edt\u00e1sa?<\/h3>\n            <\/button>\n            <div class=\"acf-accordion-content\"><p>A lak\u00e1st rendben \u00e9s tiszt\u00e1n kell hagyni. A f\u00fcrd\u0151szob\u00e1t, konyhasarkot, h\u0171t\u0151szekr\u00e9nyt, ed\u00e9nyeket, ed\u00e9nyeket \u00e9s padl\u00f3t fel kell mosni. A szemetet a szemetesekbe kell dobni.<br \/>\n<strong>K\u00e9r\u00e9sre \u00e9s t\u00e9r\u00edt\u00e9s ellen\u00e9ben v\u00e9gtakar\u00edt\u00e1si szolg\u00e1ltat\u00e1s is rendelkez\u00e9sre \u00e1ll.<\/strong><\/p>\n<\/div>\n        <\/div>\n        <div class=\"acf-accordion-item\">\n            <button class=\"acf-accordion-header\" type=\"button\">\n                <span class=\"acf-accordion-icon\">+<\/span>\n                <h3 class=\"acf-accordion-title\">Mennyi az idegenforgalmi ad\u00f3?<\/h3>\n            <\/button>\n            <div class=\"acf-accordion-content\"><p>A 2025-\u00f6s idegenforgalmi ad\u00f3 <strong>1,15 \u20ac\/f\u0151\/\u00e9jszaka<\/strong>.<br \/>\nLegfeljebb 10 \u00e9jszak\u00e1ra sz\u00e1m\u00edtjuk.<br \/>\nA 4 \u00e9v alatti gyermekek \u00e9s a k\u00eds\u00e9r\u0151vel \u00e9rkez\u0151 fogyat\u00e9kkal \u00e9l\u0151 szem\u00e9lyek mentes\u00fclnek.<\/p>\n<\/div>\n        <\/div>\n        <div class=\"acf-accordion-item\">\n            <button class=\"acf-accordion-header\" type=\"button\">\n                <span class=\"acf-accordion-icon\">+<\/span>\n                <h3 class=\"acf-accordion-title\">Lehets\u00e9ges a strandon helyet foglalni?<\/h3>\n            <\/button>\n            <div class=\"acf-accordion-content\"><p>Igen, a strandhelyet el\u0151re le lehet foglalni a <a href=\"http:\/\/www.bibionespiaggiaonline.com\/\">www.bibionespiaggiaonline.com<\/a> oldalon. A foglal\u00e1s csak heti rendszeress\u00e9ggel (szombatt\u00f3l p\u00e9ntekig), az iroda \u00e1ltal megadott k\u00f3ddal lehets\u00e9ges. <\/p>\n<\/div>\n        <\/div>\n        <div class=\"acf-accordion-item\">\n            <button class=\"acf-accordion-header\" type=\"button\">\n                <span class=\"acf-accordion-icon\">+<\/span>\n                <h3 class=\"acf-accordion-title\">Lehet-e kuty\u00e1t hozni a strandra?<\/h3>\n            <\/button>\n            <div class=\"acf-accordion-content\"><p>A kuty\u00e1k <strong>csak<\/strong> a nyilv\u00e1nos strand bizonyos r\u00e9szein, illetve a Lido dei Pini strandon tal\u00e1lhat\u00f3<strong>&#8222;la Spiaggia di Pluto<\/strong>&#8221; nev\u0171 kutyabar\u00e1t strandon (t\u00e9r\u00edt\u00e9s ellen\u00e9ben) tart\u00f3zkodhatnak.<\/p>\n<\/div>\n        <\/div>\n        <div class=\"acf-accordion-item\">\n            <button class=\"acf-accordion-header\" type=\"button\">\n                <span class=\"acf-accordion-icon\">+<\/span>\n                <h3 class=\"acf-accordion-title\">A lak\u00e1sok fert\u0151tlen\u00edtettek?<\/h3>\n            <\/button>\n            <div class=\"acf-accordion-content\"><p>Minden \u00faj bek\u00f6lt\u00f6z\u00e9s el\u0151tt a lak\u00e1sokat a szok\u00e1sos tiszt\u00edt\u00f3szereken k\u00edv\u00fcl n\u00e1trium-hipoklorit alap\u00fa tiszt\u00edt\u00f3szerekkel \u00e9s\/vagy hidroalkoholos oldatokkal is fert\u0151tlen\u00edtik, az Istituto Superiore di Sanit\u00e0 \u00e1ltal el\u0151\u00edrt eg\u00e9szs\u00e9g\u00fcgyi el\u0151\u00edr\u00e1soknak megfelel\u0151en.<\/p>\n<\/div>\n        <\/div>\n        <div class=\"acf-accordion-item\">\n            <button class=\"acf-accordion-header\" type=\"button\">\n                <span class=\"acf-accordion-icon\">+<\/span>\n                <h3 class=\"acf-accordion-title\">Vannak k\u00fcl\u00f6nleges szab\u00e1lyok a medenc\u00e9kbe val\u00f3 bel\u00e9p\u00e9sre vonatkoz\u00f3an?<\/h3>\n            <\/button>\n            <div class=\"acf-accordion-content\"><p>K\u00e9rj\u00fck, tartsa tiszteletben a medenc\u00e9k haszn\u00e1lat\u00e1nak idej\u00e9t: k\u00f6r\u00fclbel\u00fcl 9-13 \u00f3ra \u00e9s 15.30-20 \u00f3ra k\u00f6z\u00f6tt, hacsak a helysz\u00ednen m\u00e1sk\u00e9pp nem jelzik.<\/p>\n<\/div>\n        <\/div><\/div>\n    <script>\n    document.addEventListener('DOMContentLoaded', function() {\n        const accordion = document.querySelector('#acf-accordion-69f16a7f17e82');\n        if (accordion) {\n            accordion.querySelectorAll('.acf-accordion-header').forEach(button => {\n                button.addEventListener('click', () => {\n                    const content = button.nextElementSibling;\n                    const icon = button.querySelector('.acf-accordion-icon');\n                    const isOpen = content.classList.contains('open');\n\n                    \/\/ Chiude tutti\n                    accordion.querySelectorAll('.acf-accordion-content').forEach(c => c.classList.remove('open'));\n                    accordion.querySelectorAll('.acf-accordion-header').forEach(b => b.classList.remove('active'));\n                    accordion.querySelectorAll('.acf-accordion-icon').forEach(i => i.textContent = '+');\n\n                    \/\/ Apre selezionato\n                    if (!isOpen) {\n                        content.classList.add('open');\n                        button.classList.add('active');\n                        icon.textContent = '\u2013';\n                    }\n                });\n            });\n        }\n    });\n    <\/script>\n    \n    <style>\n    #acf-accordion-69f16a7f17e82 .acf-accordion-header {\n        background-color: #fff;\n        padding: 1em;\n        border: none;\n        width: 100%;\n        text-align: left;\n        cursor: pointer;\n        font-weight: bold;\n        display: flex;\n        align-items: center;\n        justify-content: flex-start;\n        transition: background 0.3s;\n        color:#0D4B82;\n        border-bottom:1px solid #0D4B82;\n        border-radius: 0;\n    }\n    #acf-accordion-69f16a7f17e82 .acf-accordion-header:hover,\n    #acf-accordion-69f16a7f17e82 .acf-accordion-header.active {\n        background: #0D4B82;\n        color: #fff;\n    \n    }\n    #acf-accordion-69f16a7f17e82 .acf-accordion-icon {\n        font-size: 1.5em;\n        line-height: 1;\n        transition: transform 0.3s ease;\n        margin-right: 1em;\n    }\n    #acf-accordion-69f16a7f17e82 .acf-accordion-title {\n        margin:0;\n        width:100%;\n        max-width:90%;\n        white-space: break-spaces; \n    }\n    @media only screen and (max-width: 768px){\n        #accordion_id .acf-accordion-title {\n        font-size: 1.2em;\n        line-height: 1.2;\n            max-width:85%;\n        }\n    }\n    #acf-accordion-69f16a7f17e82 .acf-accordion-content {\n        display: none;\n        padding: 1em;\n        border: 0;\n        border-top: none;\n        background: #fff;\n        color:#000;\n    }\n    #acf-accordion-69f16a7f17e82 .acf-accordion-content.open {\n        display: block;\n        animation: fadeIn 0.3s ease-in-out;\n    }\n    @keyframes fadeIn {\n        from { opacity: 0; transform: translateY(-5px); }\n        to { opacity: 1; transform: translateY(0); }\n    }\n    <\/style>\n    \n<\/div>\n\t\t\t\t\t\t<\/div>\n\t\t\t\t<\/div>\n\t\t\t\t\t<\/div>\n\t\t\t\t<\/div>\n\t\t\t\t<\/div>\n\t\t","protected":false},"excerpt":{"rendered":"<p>GYIK Eg\u00e9sz \u00e9vben el\u00e9rhet\u0151ek vagyunk! Itt gy\u0171jt\u00f6tt\u00fck \u00f6ssze a Kedves Vend\u00e9geink \u00e1ltal feltett leggyakoribb k\u00e9rd\u00e9seikre adott v\u00e1laszokat. Amennyiben tov\u00e1bbi inform\u00e1ci\u00f3ra van sz\u00fcks\u00e9ged, fordulj hozz\u00e1nk bizalommal! \u00d6r\u00f6mmel \u00e1llunk rendelkez\u00e9sedre b\u00e1rmikor.<\/p>\n","protected":false},"author":6,"featured_media":0,"parent":0,"menu_order":53,"comment_status":"closed","ping_status":"closed","template":"","meta":{"_acf_changed":false,"footnotes":""},"class_list":["post-8143","page","type-page","status-publish","hentry"],"acf":[],"yoast_head":"<!-- This site is optimized with the Yoast SEO plugin v25.8 - https:\/\/yoast.com\/wordpress\/plugins\/seo\/ -->\n<title>GYIK | Turistica Azzurra Bibione<\/title>\n<meta name=\"description\" content=\"Olvasd el a leggyakoribb k\u00e9rd\u00e9seket, v\u00e1laszokat \u00e9s hasznos inf\u00f3kat egy helyen! Ha k\u00edv\u00e1ncsi vagy m\u00e9g valamire, fordulj hozz\u00e1nk bizalommal.\" \/>\n<meta name=\"robots\" content=\"index, follow, max-snippet:-1, max-image-preview:large, max-video-preview:-1\" \/>\n<link rel=\"canonical\" href=\"https:\/\/www.azzurrabibione.com\/hu\/gyik-2\/\" \/>\n<meta property=\"og:locale\" content=\"hu_HU\" \/>\n<meta property=\"og:type\" content=\"article\" \/>\n<meta property=\"og:title\" content=\"GYIK | Turistica Azzurra Bibione\" \/>\n<meta property=\"og:description\" content=\"Olvasd el a leggyakoribb k\u00e9rd\u00e9seket, v\u00e1laszokat \u00e9s hasznos inf\u00f3kat egy helyen! Ha k\u00edv\u00e1ncsi vagy m\u00e9g valamire, fordulj hozz\u00e1nk bizalommal.\" \/>\n<meta property=\"og:url\" content=\"https:\/\/www.azzurrabibione.com\/hu\/gyik-2\/\" \/>\n<meta property=\"og:site_name\" content=\"Turistica Azzurra\" \/>\n<meta property=\"article:modified_time\" content=\"2026-03-17T09:08:12+00:00\" \/>\n<meta name=\"twitter:card\" content=\"summary_large_image\" \/>\n<meta name=\"twitter:label1\" content=\"Becs\u00fclt olvas\u00e1si id\u0151\" \/>\n\t<meta name=\"twitter:data1\" content=\"1 perc\" \/>\n<script type=\"application\/ld+json\" class=\"yoast-schema-graph\">{\"@context\":\"https:\/\/schema.org\",\"@graph\":[{\"@type\":\"WebPage\",\"@id\":\"https:\/\/www.azzurrabibione.com\/hu\/gyik-2\/\",\"url\":\"https:\/\/www.azzurrabibione.com\/hu\/gyik-2\/\",\"name\":\"GYIK | Turistica Azzurra Bibione\",\"isPartOf\":{\"@id\":\"https:\/\/www.azzurrabibione.com\/hu\/#website\"},\"datePublished\":\"2026-03-17T09:08:09+00:00\",\"dateModified\":\"2026-03-17T09:08:12+00:00\",\"description\":\"Olvasd el a leggyakoribb k\u00e9rd\u00e9seket, v\u00e1laszokat \u00e9s hasznos inf\u00f3kat egy helyen! Ha k\u00edv\u00e1ncsi vagy m\u00e9g valamire, fordulj hozz\u00e1nk bizalommal.\",\"breadcrumb\":{\"@id\":\"https:\/\/www.azzurrabibione.com\/hu\/gyik-2\/#breadcrumb\"},\"inLanguage\":\"hu\",\"potentialAction\":[{\"@type\":\"ReadAction\",\"target\":[\"https:\/\/www.azzurrabibione.com\/hu\/gyik-2\/\"]}]},{\"@type\":\"BreadcrumbList\",\"@id\":\"https:\/\/www.azzurrabibione.com\/hu\/gyik-2\/#breadcrumb\",\"itemListElement\":[{\"@type\":\"ListItem\",\"position\":1,\"name\":\"Home\",\"item\":\"https:\/\/www.azzurrabibione.com\/hu\/\"},{\"@type\":\"ListItem\",\"position\":2,\"name\":\"GYIK\"}]},{\"@type\":\"WebSite\",\"@id\":\"https:\/\/www.azzurrabibione.com\/hu\/#website\",\"url\":\"https:\/\/www.azzurrabibione.com\/hu\/\",\"name\":\"Turistica Azzurra\",\"description\":\"Agenzia turistica Azzurra di Bibione\",\"publisher\":{\"@id\":\"https:\/\/www.azzurrabibione.com\/hu\/#organization\"},\"potentialAction\":[{\"@type\":\"SearchAction\",\"target\":{\"@type\":\"EntryPoint\",\"urlTemplate\":\"https:\/\/www.azzurrabibione.com\/hu\/?s={search_term_string}\"},\"query-input\":{\"@type\":\"PropertyValueSpecification\",\"valueRequired\":true,\"valueName\":\"search_term_string\"}}],\"inLanguage\":\"hu\"},{\"@type\":\"Organization\",\"@id\":\"https:\/\/www.azzurrabibione.com\/hu\/#organization\",\"name\":\"Turistica Azzurra\",\"alternateName\":\"Agenzia turistica Azzurra di Bibione\",\"url\":\"https:\/\/www.azzurrabibione.com\/hu\/\",\"logo\":{\"@type\":\"ImageObject\",\"inLanguage\":\"hu\",\"@id\":\"https:\/\/www.azzurrabibione.com\/hu\/#\/schema\/logo\/image\/\",\"url\":\"https:\/\/azzurrabibione.promoservicebeta.com\/wp-content\/uploads\/2025\/06\/Logo-Turistica_Azzurra_Bibione.png\",\"contentUrl\":\"https:\/\/azzurrabibione.promoservicebeta.com\/wp-content\/uploads\/2025\/06\/Logo-Turistica_Azzurra_Bibione.png\",\"width\":274,\"height\":95,\"caption\":\"Turistica Azzurra\"},\"image\":{\"@id\":\"https:\/\/www.azzurrabibione.com\/hu\/#\/schema\/logo\/image\/\"}}]}<\/script>\n<!-- \/ Yoast SEO plugin. -->","yoast_head_json":{"title":"GYIK | Turistica Azzurra Bibione","description":"Olvasd el a leggyakoribb k\u00e9rd\u00e9seket, v\u00e1laszokat \u00e9s hasznos inf\u00f3kat egy helyen! Ha k\u00edv\u00e1ncsi vagy m\u00e9g valamire, fordulj hozz\u00e1nk bizalommal.","robots":{"index":"index","follow":"follow","max-snippet":"max-snippet:-1","max-image-preview":"max-image-preview:large","max-video-preview":"max-video-preview:-1"},"canonical":"https:\/\/www.azzurrabibione.com\/hu\/gyik-2\/","og_locale":"hu_HU","og_type":"article","og_title":"GYIK | Turistica Azzurra Bibione","og_description":"Olvasd el a leggyakoribb k\u00e9rd\u00e9seket, v\u00e1laszokat \u00e9s hasznos inf\u00f3kat egy helyen! Ha k\u00edv\u00e1ncsi vagy m\u00e9g valamire, fordulj hozz\u00e1nk bizalommal.","og_url":"https:\/\/www.azzurrabibione.com\/hu\/gyik-2\/","og_site_name":"Turistica Azzurra","article_modified_time":"2026-03-17T09:08:12+00:00","twitter_card":"summary_large_image","twitter_misc":{"Becs\u00fclt olvas\u00e1si id\u0151":"1 perc"},"schema":{"@context":"https:\/\/schema.org","@graph":[{"@type":"WebPage","@id":"https:\/\/www.azzurrabibione.com\/hu\/gyik-2\/","url":"https:\/\/www.azzurrabibione.com\/hu\/gyik-2\/","name":"GYIK | Turistica Azzurra Bibione","isPartOf":{"@id":"https:\/\/www.azzurrabibione.com\/hu\/#website"},"datePublished":"2026-03-17T09:08:09+00:00","dateModified":"2026-03-17T09:08:12+00:00","description":"Olvasd el a leggyakoribb k\u00e9rd\u00e9seket, v\u00e1laszokat \u00e9s hasznos inf\u00f3kat egy helyen! Ha k\u00edv\u00e1ncsi vagy m\u00e9g valamire, fordulj hozz\u00e1nk bizalommal.","breadcrumb":{"@id":"https:\/\/www.azzurrabibione.com\/hu\/gyik-2\/#breadcrumb"},"inLanguage":"hu","potentialAction":[{"@type":"ReadAction","target":["https:\/\/www.azzurrabibione.com\/hu\/gyik-2\/"]}]},{"@type":"BreadcrumbList","@id":"https:\/\/www.azzurrabibione.com\/hu\/gyik-2\/#breadcrumb","itemListElement":[{"@type":"ListItem","position":1,"name":"Home","item":"https:\/\/www.azzurrabibione.com\/hu\/"},{"@type":"ListItem","position":2,"name":"GYIK"}]},{"@type":"WebSite","@id":"https:\/\/www.azzurrabibione.com\/hu\/#website","url":"https:\/\/www.azzurrabibione.com\/hu\/","name":"Turistica Azzurra","description":"Agenzia turistica Azzurra di Bibione","publisher":{"@id":"https:\/\/www.azzurrabibione.com\/hu\/#organization"},"potentialAction":[{"@type":"SearchAction","target":{"@type":"EntryPoint","urlTemplate":"https:\/\/www.azzurrabibione.com\/hu\/?s={search_term_string}"},"query-input":{"@type":"PropertyValueSpecification","valueRequired":true,"valueName":"search_term_string"}}],"inLanguage":"hu"},{"@type":"Organization","@id":"https:\/\/www.azzurrabibione.com\/hu\/#organization","name":"Turistica Azzurra","alternateName":"Agenzia turistica Azzurra di Bibione","url":"https:\/\/www.azzurrabibione.com\/hu\/","logo":{"@type":"ImageObject","inLanguage":"hu","@id":"https:\/\/www.azzurrabibione.com\/hu\/#\/schema\/logo\/image\/","url":"https:\/\/azzurrabibione.promoservicebeta.com\/wp-content\/uploads\/2025\/06\/Logo-Turistica_Azzurra_Bibione.png","contentUrl":"https:\/\/azzurrabibione.promoservicebeta.com\/wp-content\/uploads\/2025\/06\/Logo-Turistica_Azzurra_Bibione.png","width":274,"height":95,"caption":"Turistica Azzurra"},"image":{"@id":"https:\/\/www.azzurrabibione.com\/hu\/#\/schema\/logo\/image\/"}}]}},"_links":{"self":[{"href":"https:\/\/www.azzurrabibione.com\/hu\/wp-json\/wp\/v2\/pages\/8143","targetHints":{"allow":["GET"]}}],"collection":[{"href":"https:\/\/www.azzurrabibione.com\/hu\/wp-json\/wp\/v2\/pages"}],"about":[{"href":"https:\/\/www.azzurrabibione.com\/hu\/wp-json\/wp\/v2\/types\/page"}],"author":[{"embeddable":true,"href":"https:\/\/www.azzurrabibione.com\/hu\/wp-json\/wp\/v2\/users\/6"}],"replies":[{"embeddable":true,"href":"https:\/\/www.azzurrabibione.com\/hu\/wp-json\/wp\/v2\/comments?post=8143"}],"version-history":[{"count":1,"href":"https:\/\/www.azzurrabibione.com\/hu\/wp-json\/wp\/v2\/pages\/8143\/revisions"}],"predecessor-version":[{"id":8150,"href":"https:\/\/www.azzurrabibione.com\/hu\/wp-json\/wp\/v2\/pages\/8143\/revisions\/8150"}],"wp:attachment":[{"href":"https:\/\/www.azzurrabibione.com\/hu\/wp-json\/wp\/v2\/media?parent=8143"}],"curies":[{"name":"wp","href":"https:\/\/api.w.org\/{rel}","templated":true}]}}